{"id":763,"date":"2021-03-09T19:13:37","date_gmt":"2021-03-09T22:13:37","guid":{"rendered":"https:\/\/agenciaflores.cl\/wpn\/?page_id=763"},"modified":"2022-08-11T00:31:52","modified_gmt":"2022-08-11T03:31:52","slug":"servicios","status":"publish","type":"page","link":"https:\/\/agenciaflores.cl\/wpn\/servicios\/","title":{"rendered":"Servicios"},"content":{"rendered":"\n\t\t\t<h3>SERVICIOS<\/h3>\t\t\t\n\t\t\t\t\n\t\t\t<h3>IMPORTACIONES<\/h3>\t\t\t\n\t\t\t\t\n<strong>\u25cf Nacionalizaci\u00f3n de Mercaderia.<\/strong><br \/>\u25cf Importaciones de car\u00e1cter general.<br \/>\u25cf Importaciones con aplicaci\u00f3n de Tratados de Libre Comercio suscritos por Chile.<br \/>\u25cf Tr\u00e1mites anticipados.\n\n<strong>\u25cf Reg\u00edmenes Suspensivos.<\/strong><br \/>\u25cf Almac\u00e9n Particular de Importaci\u00f3n.<br \/>\u25cf Admisi\u00f3n Temporal General.<br \/>\u25cf Admisi\u00f3n Temporal para Perfeccionamiento Activo.<br \/>\u25cf Devoluci\u00f3n de Derechos por aplicaci\u00f3n de Tratados de Libre Comercio.\n\n<strong>\u25cf Certificaci\u00f3n de Importaciones.<\/strong><br \/>\u25cf Tramitaci\u00f3n de certificaci\u00f3n, vistos bueno y visaciones ante los distintos organismos p\u00fablicos.<br \/>\u25cf Tramitaci\u00f3n CDA.Tramitaci\u00f3n de registro de producto ante el  Instituto de Salud P\u00fablica (ISP).<br \/>\u25cf Tramitaci\u00f3n para la Resoluci\u00f3n de Uso y Disposici\u00f3n para la comercializaci\u00f3n de los productos.\n\n<strong>\u25cf Registro de Importadores en p\u00e1gina de Seremi de Salud para monitorear las solicitudes.<\/strong>\n\t\t\t\t<img src=\"https:\/\/agenciaflores.cl\/wpn\/wp-content\/uploads\/bb-plugin\/cache\/john-mcarthur-X_MOr6oa4-k-unsplash-circle.jpg\" alt=\"john-mcarthur-X_MOr6oa4-k-unsplash\" itemprop=\"image\"\/>\n\t\t\t\t<img src=\"https:\/\/agenciaflores.cl\/wpn\/wp-content\/uploads\/bb-plugin\/cache\/athanasios-papazacharias-0J8hoI5aW_Q-unsplash-circle.jpg\" alt=\"athanasios-papazacharias-0J8hoI5aW_Q-unsplash\" itemprop=\"image\"\/>\n\t\t\t<h3>EXPORTACIONES<\/h3>\t\t\t\n\t\t\t\t\n<strong>\u25cf Exportaci\u00f3n general.<\/strong><br \/><strong>\u25cf Salida temporal para perfeccionamiento pasivo.<\/strong><br \/><strong>\u25cf Otros tipos de salida temporal.<\/strong>\n\n<strong>\u25cf Otras destinaciones Aduaneras para salida de mercanc\u00edas:<\/strong><br \/>\u25cf Reexportaciones.<br \/>\u25cf Exportaciones de Servicios.<br \/>\u25cf Exportaciones sin Car\u00e1cter Comercial.<br \/>\u25cf Asesor\u00eda, Confecci\u00f3n y Tramitaci\u00f3n de IVV, exportaciones con Modalidad Distinta de A Firme.\n\n<strong>\u25cf Asesor\u00eda, Confecci\u00f3n y Tramitaci\u00f3n de IVV, exportaciones con Modalidad Distinta de A Firme.<\/strong>\n\n<strong>\u25cf Unidad de Certificaci\u00f3n de Origen:<\/strong><br \/>\u25cf Asesor\u00eda integral para Certificar Origen de productos Nacionales.<br \/>\u25cf Normas de Origen.<br \/>\u25cf Confecci\u00f3n y Tramitaci\u00f3n de Certificados de Origen ante Entidades Certificadores: Sofofa \u2013 SAG \u2013C\u00e1mara Nacional de Comercio.\n\n<strong>\u25cf Asesor\u00eda en Acuerdos Comerciales y Tratados de Libre Comercio.<\/strong>\n\t\t\t<h3>ASESOR\u00cdA LEGAL<\/h3>\t\t\t\n\t\t\t\t\nCon el fin de poder lograr una asesor\u00eda integral a nuestros clientes, contamos con un departamento jur\u00eddico conformado con personal capacitado en el \u00e1mbito del derecho aduanero, encabezado por un abogado de planta al servicio de nuestros clientes.\n\t\t\t\t<img src=\"https:\/\/agenciaflores.cl\/wpn\/wp-content\/uploads\/bb-plugin\/cache\/gabrielle-henderson-HJckKnwCXxQ-unsplash-circle.jpg\" alt=\"gabrielle-henderson-HJckKnwCXxQ-unsplash\" itemprop=\"image\"\/>\n\t\t\t\t<img src=\"https:\/\/agenciaflores.cl\/wpn\/wp-content\/uploads\/bb-plugin\/cache\/headway-5QgIuuBxKwM-unsplash-circle.jpg\" alt=\"headway-5QgIuuBxKwM-unsplash\" itemprop=\"image\"\/>\n\t\t\t<h3>SERVICIOS COMPLEMENTARIOS U OTROS SERVICIOS<\/h3>\t\t\t\n\t\t\t\t\n\u25cf Asesor\u00edas en Proyectos de Inversi\u00f3n.<br \/>\u25cf Asesor\u00eda en la contrataci\u00f3n de fletes nacionales e internacionales.<br \/>\u25cf Contrataci\u00f3n de seguros de carga de la mercader\u00eda.<br \/>\u25cf Seguimiento de las operaciones de importaci\u00f3n y exportaci\u00f3n.<br \/>\u25cf  Acceso a estad\u00edsticas sobre movimiento de comercio exterior.<br \/>\u25cf Informaci\u00f3n sobre reg\u00edmenes arancelarios de los principales pa\u00edses de destino de nuestras exportaciones.<br \/>\u25cf Actualizaci\u00f3n permanente sobre las negociaciones internacionales que lleva a cabo nuestro pa\u00eds.\n\t\t\t<h3>SERVICIOS<\/h3>\t\t\t\n\t\t\t\t\n\t\t\t\t<img src=\"https:\/\/agenciaflores.cl\/wpn\/wp-content\/uploads\/bb-plugin\/cache\/john-mcarthur-X_MOr6oa4-k-unsplash-circle.jpg\" alt=\"john-mcarthur-X_MOr6oa4-k-unsplash\" itemprop=\"image\"\/>\n\t\t\t<h3>IMPORTACIONES<\/h3>\t\t\t\n\t\t\t\t\n<strong>\u25cf Nacionalizaci\u00f3n de Mercader\u00eda.<\/strong><br \/>\u25cf Importaciones de car\u00e1cter general.<br \/>\u25cf Importaciones con aplicaci\u00f3n de Tratados de Libre Comercio suscritos por Chile.<br \/>\u25cf Tr\u00e1mites anticipados.\n\n<strong>\u25cf Reg\u00edmenes Suspensivos.<\/strong><br \/>\u25cf Almac\u00e9n Particular de Importaci\u00f3n.<br \/>\u25cf Admisi\u00f3n Temporal General.<br \/>\u25cf Admisi\u00f3n Temporal para Perfeccionamiento Activo.<br \/>\u25cf Devoluci\u00f3n de Derechos por aplicaci\u00f3n de Tratados de Libre Comercio.\n\n<strong>\u25cf Certificaci\u00f3n de Importaciones.<\/strong><br \/>\u25cf Tramitaci\u00f3n de certificaci\u00f3n, vistos bueno y visaciones ante los distintos organismos p\u00fablicos.<br \/>\u25cf Tramitaci\u00f3n CDA.Tramitaci\u00f3n de registro de producto ante el  Instituto de Salud P\u00fablica (ISP).<br \/>\u25cf Tramitaci\u00f3n para la Resoluci\u00f3n de Uso y Disposici\u00f3n para la comercializaci\u00f3n de los productos.\n\n<strong>\u25cf Registro de Importadores en p\u00e1gina de Seremi de Salud para monitorear las solicitudes.<\/strong>\n\t\t\t\t<img src=\"https:\/\/agenciaflores.cl\/wpn\/wp-content\/uploads\/bb-plugin\/cache\/athanasios-papazacharias-0J8hoI5aW_Q-unsplash-circle.jpg\" alt=\"athanasios-papazacharias-0J8hoI5aW_Q-unsplash\" itemprop=\"image\"\/>\n\t\t\t<h3>EXPORTACIONES<\/h3>\t\t\t\n\t\t\t\t\n<strong>\u25cf Exportaci\u00f3n general.<\/strong><br \/><strong>\u25cf Salida temporal para perfeccionamiento pasivo.<\/strong><br \/><strong>\u25cf Otros tipos de salida temporal.<\/strong>\n\n<strong>\u25cf Otras destinaciones Aduaneras para salida de mercanc\u00edas:<\/strong><br \/>\u25cf Reexportaciones.<br \/>\u25cf Exportaciones de Servicios.<br \/>\u25cf Exportaciones sin Car\u00e1cter Comercial.<br \/>\u25cf Asesor\u00eda, Confecci\u00f3n y Tramitaci\u00f3n de IVV, exportaciones con Modalidad Distinta de A Firme.\n\n<strong>\u25cf Asesor\u00eda, Confecci\u00f3n y Tramitaci\u00f3n de IVV, exportaciones con Modalidad Distinta de A Firme.<\/strong>\n\n<strong>\u25cf Unidad de Certificaci\u00f3n de Origen:<\/strong><br \/>\u25cf Asesor\u00eda integral para Certificar Origen de productos Nacionales.<br \/>\u25cf Normas de Origen.<br \/>\u25cf Confecci\u00f3n y Tramitaci\u00f3n de Certificados de Origen ante Entidades Certificadores: Sofofa \u2013 SAG \u2013C\u00e1mara Nacional de Comercio.\n\n<strong>\u25cf Asesor\u00eda en Acuerdos Comerciales y Tratados de Libre Comercio.<\/strong>\n\t\t\t\t<img src=\"https:\/\/agenciaflores.cl\/wpn\/wp-content\/uploads\/bb-plugin\/cache\/gabrielle-henderson-HJckKnwCXxQ-unsplash-circle.jpg\" alt=\"gabrielle-henderson-HJckKnwCXxQ-unsplash\" itemprop=\"image\"\/>\n\t\t\t<h3>ASESOR\u00cdA LEGAL<\/h3>\t\t\t\n\t\t\t\t\nCon el fin de poder lograr una asesor\u00eda integral a nuestros clientes, contamos con un departamento jur\u00eddico conformado con personal capacitado en el \u00e1mbito del derecho aduanero, encabezado por un abogado de planta al servicio de nuestros clientes.\n\t\t\t\t<img src=\"https:\/\/agenciaflores.cl\/wpn\/wp-content\/uploads\/bb-plugin\/cache\/headway-5QgIuuBxKwM-unsplash-circle.jpg\" alt=\"headway-5QgIuuBxKwM-unsplash\" itemprop=\"image\"\/>\n\t\t\t<h3>SERVICIOS COMPLEMENTARIOS U OTROS SERVICIOS<\/h3>\t\t\t\n\t\t\t\t\n\u25cf Asesor\u00edas en Proyectos de Inversi\u00f3n.<br \/>\u25cf Asesor\u00eda en la contrataci\u00f3n de fletes nacionales e internacionales.<br \/>\u25cf Contrataci\u00f3n de seguros de carga de la mercader\u00eda.<br \/>\u25cf Seguimiento de las operaciones de importaci\u00f3n y exportaci\u00f3n.<br \/>\u25cf Acceso a estad\u00edsticas sobre movimiento de comercio exterior.<br \/>\u25cf Informaci\u00f3n sobre reg\u00edmenes arancelarios de los principales pa\u00edses de destino de nuestras exportaciones.<br \/>\u25cf Actualizaci\u00f3n permanente sobre las negociaciones internacionales que lleva a cabo nuestro pa\u00eds.\n","protected":false},"excerpt":{"rendered":"<p>SERVICIOS IMPORTACIONES \u25cf Nacionalizaci\u00f3n de Mercaderia.\u25cf Importaciones de car\u00e1cter general.\u25cf Importaciones con aplicaci\u00f3n de Tratados de Libre Comercio suscritos por Chile.\u25cf Tr\u00e1mites anticipados. \u25cf Reg\u00edmenes Suspensivos.\u25cf Almac\u00e9n Particular de Importaci\u00f3n.\u25cf Admisi\u00f3n Temporal General.\u25cf Admisi\u00f3n Temporal para Perfeccionamiento Activo.\u25cf Devoluci\u00f3n de Derechos por aplicaci\u00f3n de Tratados de Libre Comercio. \u25cf Certificaci\u00f3n de Importaciones.\u25cf Tramitaci\u00f3n de certificaci\u00f3n,&hellip;<\/p>\n","protected":false},"author":2,"featured_media":0,"parent":0,"menu_order":0,"comment_status":"closed","ping_status":"closed","template":"","meta":[],"_links":{"self":[{"href":"https:\/\/agenciaflores.cl\/wpn\/wp-json\/wp\/v2\/pages\/763"}],"collection":[{"href":"https:\/\/agenciaflores.cl\/wpn\/wp-json\/wp\/v2\/pages"}],"about":[{"href":"https:\/\/agenciaflores.cl\/wpn\/wp-json\/wp\/v2\/types\/page"}],"author":[{"embeddable":true,"href":"https:\/\/agenciaflores.cl\/wpn\/wp-json\/wp\/v2\/users\/2"}],"replies":[{"embeddable":true,"href":"https:\/\/agenciaflores.cl\/wpn\/wp-json\/wp\/v2\/comments?post=763"}],"version-history":[{"count":20,"href":"https:\/\/agenciaflores.cl\/wpn\/wp-json\/wp\/v2\/pages\/763\/revisions"}],"predecessor-version":[{"id":1272,"href":"https:\/\/agenciaflores.cl\/wpn\/wp-json\/wp\/v2\/pages\/763\/revisions\/1272"}],"wp:attachment":[{"href":"https:\/\/agenciaflores.cl\/wpn\/wp-json\/wp\/v2\/media?parent=763"}],"curies":[{"name":"wp","href":"https:\/\/api.w.org\/{rel}","templated":true}]}}