{"id":1189,"date":"2022-08-07T20:58:32","date_gmt":"2022-08-07T23:58:32","guid":{"rendered":"https:\/\/agenciaflores.cl\/wpn\/?page_id=1189"},"modified":"2022-08-13T16:54:50","modified_gmt":"2022-08-13T19:54:50","slug":"contenedores","status":"publish","type":"page","link":"https:\/\/agenciaflores.cl\/wpn\/contenedores\/","title":{"rendered":"Contenedores"},"content":{"rendered":"\n\t\t\t<h3>CONTENEDORES<\/h3>\t\t\t\n\t\t\t\t\n\t\t\t<h3>CONTENEDORES<\/h3>\t\t\t\n\t\t\t\t\n\t\t\t\t<p><strong>Tipos de contenedores\u00a0con sus dimensiones y caracter\u00edsticas.<\/strong><\/p>\n<table>\n<thead>\n<tr>\n<td><strong>Contenedor<\/strong><\/td>\n<td><strong>Dimensiones<\/strong><\/td>\n<td><strong>Ancho<br \/>(m)<\/strong><\/td>\n<td><strong>Largo<br \/>(m)<\/strong><\/td>\n<td><strong>Alto<br \/>(m)<\/strong><\/td>\n<td><strong>Volumen<br \/>(m3)<\/strong><\/td>\n<td><strong>Carga<br \/>(Ton)<\/strong><\/td>\n<td><strong>Tara<br \/>(Ton)<\/strong><\/td>\n<td><strong>Descripci\u00f3n<\/strong><\/td>\n<\/tr>\n<\/thead>\n<tbody>\n<tr>\n<td rowspan=\"3\"><strong>STANDARD<br \/>20 pies<\/strong><\/td>\n<td>Exterior<\/td>\n<td>2,438<\/td>\n<td>6,060<\/td>\n<td>2,590<\/td>\n<td rowspan=\"3\">33,0<\/td>\n<td rowspan=\"3\">28,15<\/td>\n<td rowspan=\"3\">2,33<\/td>\n<td rowspan=\"6\">Transporte de carga seca<\/td>\n<\/tr>\n<tr>\n<td>Interior<\/td>\n<td>2,352<\/td>\n<td>5,900<\/td>\n<td>2,390<\/td>\n<\/tr>\n<tr>\n<td>Puerta<\/td>\n<td>2,340<\/td>\n<td>&#8212;-<\/td>\n<td>2,283<\/td>\n<\/tr>\n<tr>\n<td rowspan=\"3\"><strong>STANDARD<br \/>40 pies<\/strong><\/td>\n<td>Exterior<\/td>\n<td>2,438<\/td>\n<td>12,192<\/td>\n<td>2,590<\/td>\n<td rowspan=\"3\">67,7<\/td>\n<td rowspan=\"3\">28,70<\/td>\n<td rowspan=\"3\">3,80<\/td>\n<\/tr>\n<tr>\n<td>Interior<\/td>\n<td>2,352<\/td>\n<td>12,030<\/td>\n<td>2,390<\/td>\n<\/tr>\n<tr>\n<td>Puerta<\/td>\n<td>2,340<\/td>\n<td><\/td>\n<td>2,275<\/td>\n<\/tr>\n<tr>\n<td rowspan=\"3\"><strong>CONAIR<br \/>40 pies<\/strong><\/td>\n<td>Exterior<\/td>\n<td>2,438<\/td>\n<td>12,192<\/td>\n<td>2,590<\/td>\n<td rowspan=\"3\">60,0<\/td>\n<td rowspan=\"3\">25,94<\/td>\n<td rowspan=\"3\">5,54<\/td>\n<td rowspan=\"3\">Transporte de carga con temperatura controlada, con destino a Europa. Fr\u00edo aportado por la nave y por unidades de tierra, manteniendo la temperatura incluso al desconectar la unidad refrigerante.<\/td>\n<\/tr>\n<tr>\n<td>Interior<\/td>\n<td>2,266<\/td>\n<td>11,992<\/td>\n<td>2,214<\/td>\n<\/tr>\n<tr align=\"left\">\n<td>Puerta<\/td>\n<td>2,256<\/td>\n<td><\/td>\n<td>2,197<\/td>\n<\/tr>\n<tr>\n<td rowspan=\"3\"><strong>REFRIGERATED<br \/>20 pies<\/strong><\/td>\n<td>Exterior<\/td>\n<td>2,438<\/td>\n<td>6,060<\/td>\n<td>2,590<\/td>\n<td rowspan=\"3\">28,1<\/td>\n<td rowspan=\"3\">21,80<\/td>\n<td rowspan=\"3\">3,20<\/td>\n<td rowspan=\"6\">Pueden mantener temperaturas interiores constantes en un rango que va desde -20 C\u00ba a +20 C\u00ba, para la carga refrigerada o congelada.<\/td>\n<\/tr>\n<tr>\n<td>Interior<\/td>\n<td>2,285<\/td>\n<td>5,450<\/td>\n<td>2,260<\/td>\n<\/tr>\n<tr align=\"left\">\n<td>Puerta<\/td>\n<td>2,320<\/td>\n<td><\/td>\n<td>2,250<\/td>\n<\/tr>\n<tr align=\"left\">\n<td rowspan=\"3\"><strong>REFRIGERATED<br \/>40 pies<\/strong><\/td>\n<td>Exterior<\/td>\n<td>2,438<\/td>\n<td>12,192<\/td>\n<td>2,590<\/td>\n<td rowspan=\"3\">58,4<\/td>\n<td rowspan=\"3\">26,00<\/td>\n<td rowspan=\"3\">4,48<\/td>\n<\/tr>\n<tr>\n<td>Interior<\/td>\n<td>2,285<\/td>\n<td>11,570<\/td>\n<td>2,250<\/td>\n<\/tr>\n<tr align=\"left\">\n<td>Puerta<\/td>\n<td>2,290<\/td>\n<td><\/td>\n<td>2,265<\/td>\n<\/tr>\n<tr>\n<td rowspan=\"3\"><strong>FLAT RACK<br \/>20 pies<\/strong><\/td>\n<td>Exterior<\/td>\n<td>2,438<\/td>\n<td>6,060<\/td>\n<td>2,590<\/td>\n<td rowspan=\"3\">32,0<\/td>\n<td rowspan=\"3\">29,50<\/td>\n<td rowspan=\"3\">3,00<\/td>\n<td rowspan=\"6\">Se adec\u00faan a productos muy pesados o de gran tama\u00f1o: abaten sus paredes, frontal y posterior, lo cual facilita su estiba y transporte. Est\u00e1n bien dotados de c\u00e1ncamos y varios otros elementos para trincar la carga.<\/td>\n<\/tr>\n<tr>\n<td>Interior<\/td>\n<td>2,352<\/td>\n<td>5,900<\/td>\n<td>2,310<\/td>\n<\/tr>\n<tr align=\"left\">\n<td>Puerta<\/td>\n<td><\/td>\n<td><\/td>\n<td><\/td>\n<\/tr>\n<tr>\n<td rowspan=\"3\"><strong>FLAT RACK<br \/>40 pies<\/strong><\/td>\n<td>Exterior<\/td>\n<td>2,438<\/td>\n<td>12,192<\/td>\n<td>2,590<\/td>\n<td rowspan=\"3\">56,6<\/td>\n<td rowspan=\"3\">40,05<\/td>\n<td rowspan=\"3\">4,95<\/td>\n<\/tr>\n<tr align=\"left\">\n<td>Interior<\/td>\n<td>2,410<\/td>\n<td>12,020<\/td>\n<td>1,955<\/td>\n<\/tr>\n<tr>\n<td>Puerta<\/td>\n<td><\/td>\n<td><\/td>\n<td><\/td>\n<\/tr>\n<tr>\n<td rowspan=\"3\"><strong>OPEN TOP<br \/>20 pies<\/strong><\/td>\n<td>Exterior<\/td>\n<td>2,428<\/td>\n<td>6,060<\/td>\n<td>2,590<\/td>\n<td rowspan=\"3\">32,6<\/td>\n<td rowspan=\"3\">21,7<\/td>\n<td rowspan=\"3\">2,30<\/td>\n<td rowspan=\"6\">Permite transportar carga de f\u00e1cil estiba y dimensi\u00f3n, mediante gr\u00faa. Luego se cubre la carga con una lona bien estirada. Tambi\u00e9n permite transportar cierto tipo de materiales que requieren ventilaci\u00f3n adicional.<\/td>\n<\/tr>\n<tr>\n<td>Interior<\/td>\n<td>2,340<\/td>\n<td>5,890<\/td>\n<td>2,360<\/td>\n<\/tr>\n<tr align=\"left\">\n<td>Puerta<\/td>\n<td>2,320<\/td>\n<td><\/td>\n<td>2,250<\/td>\n<\/tr>\n<tr>\n<td rowspan=\"3\"><strong>OPEN TOP<br \/>40 pies<\/strong><\/td>\n<td>Exterior<\/td>\n<td>2,438<\/td>\n<td>12,192<\/td>\n<td>2,590<\/td>\n<td rowspan=\"3\">67,3<\/td>\n<td rowspan=\"3\">26,28<\/td>\n<td rowspan=\"3\">4,20<\/td>\n<\/tr>\n<tr align=\"left\">\n<td>Interior<\/td>\n<td>2,352<\/td>\n<td>12,024<\/td>\n<td>2,380<\/td>\n<\/tr>\n<tr align=\"left\">\n<td>Puerta<\/td>\n<td>2,320<\/td>\n<td><\/td>\n<td>2,250<\/td>\n<\/tr>\n<tr>\n<td rowspan=\"3\"><strong>TANK CONTAINER<br \/>20 pies<\/strong><\/td>\n<td>Exterior<\/td>\n<td>2,440<\/td>\n<td>6,060<\/td>\n<td>2,590<\/td>\n<td rowspan=\"3\">24,0<\/td>\n<td rowspan=\"3\">26,67<\/td>\n<td rowspan=\"3\">5,33<\/td>\n<td rowspan=\"3\"><\/td>\n<\/tr>\n<tr align=\"left\">\n<td>Interior<\/td>\n<td><\/td>\n<td><\/td>\n<td><\/td>\n<\/tr>\n<tr align=\"left\">\n<td>Puerta<\/td>\n<td><\/td>\n<td><\/td>\n<td><\/td>\n<\/tr>\n<tr>\n<td rowspan=\"3\"><strong>HIGH CUBE<br \/>40 pies<\/strong><\/td>\n<td>Exterior<\/td>\n<td>2,438<\/td>\n<td>12,192<\/td>\n<td>2,896<\/td>\n<td rowspan=\"3\">76,0<\/td>\n<td rowspan=\"3\">26,48<\/td>\n<td rowspan=\"3\">4,00<\/td>\n<td rowspan=\"3\"><\/td>\n<\/tr>\n<tr>\n<td>Interior<\/td>\n<td>2,352<\/td>\n<td>12,030<\/td>\n<td>2,695<\/td>\n<\/tr>\n<tr>\n<td>Puerta<\/td>\n<td>2,340<\/td>\n<td><\/td>\n<td>2,585<\/td>\n<\/tr>\n<tr>\n<td rowspan=\"3\"><strong>VENTILATED<br \/>20 pies<\/strong><\/td>\n<td rowspan=\"3\">Exterior<\/td>\n<td rowspan=\"3\">2,438<\/td>\n<td rowspan=\"3\">6,060<\/td>\n<td rowspan=\"3\">5,590<\/td>\n<td rowspan=\"3\">32,99<\/td>\n<td rowspan=\"3\">22,05<\/td>\n<td rowspan=\"3\">2,350<\/td>\n<td rowspan=\"3\"><\/td>\n<\/tr>\n<\/tbody>\n<\/table>\n","protected":false},"excerpt":{"rendered":"<p>CONTENEDORES CONTENEDORES Tipos de contenedores\u00a0con sus dimensiones y caracter\u00edsticas. Contenedor Dimensiones Ancho(m) Largo(m) Alto(m) Volumen(m3) Carga(Ton) Tara(Ton) Descripci\u00f3n STANDARD20 pies Exterior 2,438 6,060 2,590 33,0 28,15 2,33 Transporte de carga seca Interior 2,352 5,900 2,390 Puerta 2,340 &#8212;- 2,283 STANDARD40 pies Exterior 2,438 12,192 2,590 67,7 28,70 3,80 Interior 2,352 12,030 2,390 Puerta 2,340 2,275&hellip;<\/p>\n","protected":false},"author":2,"featured_media":0,"parent":0,"menu_order":0,"comment_status":"closed","ping_status":"closed","template":"","meta":[],"_links":{"self":[{"href":"https:\/\/agenciaflores.cl\/wpn\/wp-json\/wp\/v2\/pages\/1189"}],"collection":[{"href":"https:\/\/agenciaflores.cl\/wpn\/wp-json\/wp\/v2\/pages"}],"about":[{"href":"https:\/\/agenciaflores.cl\/wpn\/wp-json\/wp\/v2\/types\/page"}],"author":[{"embeddable":true,"href":"https:\/\/agenciaflores.cl\/wpn\/wp-json\/wp\/v2\/users\/2"}],"replies":[{"embeddable":true,"href":"https:\/\/agenciaflores.cl\/wpn\/wp-json\/wp\/v2\/comments?post=1189"}],"version-history":[{"count":8,"href":"https:\/\/agenciaflores.cl\/wpn\/wp-json\/wp\/v2\/pages\/1189\/revisions"}],"predecessor-version":[{"id":1279,"href":"https:\/\/agenciaflores.cl\/wpn\/wp-json\/wp\/v2\/pages\/1189\/revisions\/1279"}],"wp:attachment":[{"href":"https:\/\/agenciaflores.cl\/wpn\/wp-json\/wp\/v2\/media?parent=1189"}],"curies":[{"name":"wp","href":"https:\/\/api.w.org\/{rel}","templated":true}]}}